{"id":323,"date":"2022-02-25T10:51:54","date_gmt":"2022-02-25T10:51:54","guid":{"rendered":"https:\/\/www.touralcazarsevilla.com\/?page_id=323"},"modified":"2023-10-06T17:34:10","modified_gmt":"2023-10-06T17:34:10","slug":"informacion-catedral-y-giralda-de-sevilla","status":"publish","type":"page","link":"https:\/\/www.touralcazarsevilla.com\/fr\/informacion-catedral-y-giralda-de-sevilla\/","title":{"rendered":"Informaci\u00f3n Catedral y Giralda de Sevilla"},"content":{"rendered":"<div data-elementor-type=\"wp-page\" data-elementor-id=\"323\" class=\"elementor elementor-323\" data-elementor-post-type=\"page\">\n\t\t\t\t\t\t<section class=\"elementor-section elementor-top-section elementor-element elementor-element-1a0dc3a3 elementor-section-full_width elementor-section-height-default elementor-section-height-default\" data-id=\"1a0dc3a3\" data-element_type=\"section\">\n\t\t\t\t\t\t<div class=\"elementor-container elementor-column-gap-default\">\n\t\t\t\t\t<div class=\"elementor-column elementor-col-100 elementor-top-column elementor-element elementor-element-72357000\" data-id=\"72357000\" data-element_type=\"column\">\n\t\t\t<div class=\"elementor-widget-wrap elementor-element-populated\">\n\t\t\t\t\t\t<div class=\"elementor-element elementor-element-f82a223 elementor-widget elementor-widget-image\" data-id=\"f82a223\" data-element_type=\"widget\" data-widget_type=\"image.default\">\n\t\t\t\t<div class=\"elementor-widget-container\">\n\t\t\t<style>\/*! elementor - v3.21.0 - 26-05-2024 *\/\n.elementor-widget-image{text-align:center}.elementor-widget-image a{display:inline-block}.elementor-widget-image a img[src$=\".svg\"]{width:48px}.elementor-widget-image img{vertical-align:middle;display:inline-block}<\/style>\t\t\t\t\t\t\t\t\t\t<img decoding=\"async\" src=\"https:\/\/www.touralcazarsevilla.com\/wp-content\/uploads\/elementor\/thumbs\/Catedral-y-Giralda-de-Sevilla-1-qbo89u2cem1al10xkg2w5jr9xsxr81g9cge6w9c3uw.jpeg\" title=\"Cath\u00e9drale de S\u00e9ville et Giralda\" alt=\"Imagen de la Catedral y Giralda de Sevilla\" loading=\"lazy\" \/>\t\t\t\t\t\t\t\t\t\t\t\t\t<\/div>\n\t\t\t\t<\/div>\n\t\t\t\t\t<\/div>\n\t\t<\/div>\n\t\t\t\t\t<\/div>\n\t\t<\/section>\n\t\t\t\t<section class=\"elementor-section elementor-top-section elementor-element elementor-element-43181512 elementor-section-boxed elementor-section-height-default elementor-section-height-default\" data-id=\"43181512\" data-element_type=\"section\">\n\t\t\t\t\t\t<div class=\"elementor-container elementor-column-gap-default\">\n\t\t\t\t\t<div class=\"elementor-column elementor-col-100 elementor-top-column elementor-element elementor-element-8b64004\" data-id=\"8b64004\" data-element_type=\"column\">\n\t\t\t<div class=\"elementor-widget-wrap elementor-element-populated\">\n\t\t\t\t\t\t<div class=\"elementor-element elementor-element-26a52a14 elementor-widget elementor-widget-heading\" data-id=\"26a52a14\" data-element_type=\"widget\" data-widget_type=\"heading.default\">\n\t\t\t\t<div class=\"elementor-widget-container\">\n\t\t\t<style>\/*! elementor - v3.21.0 - 26-05-2024 *\/\n.elementor-heading-title{padding:0;margin:0;line-height:1}.elementor-widget-heading .elementor-heading-title[class*=elementor-size-]>a{color:inherit;font-size:inherit;line-height:inherit}.elementor-widget-heading .elementor-heading-title.elementor-size-small{font-size:15px}.elementor-widget-heading .elementor-heading-title.elementor-size-medium{font-size:19px}.elementor-widget-heading .elementor-heading-title.elementor-size-large{font-size:29px}.elementor-widget-heading .elementor-heading-title.elementor-size-xl{font-size:39px}.elementor-widget-heading .elementor-heading-title.elementor-size-xxl{font-size:59px}<\/style><h2 class=\"elementor-heading-title elementor-size-default\">Informaci\u00f3n de la Catedral y Giralda de Sevilla<\/h2>\t\t<\/div>\n\t\t\t\t<\/div>\n\t\t\t\t\t<\/div>\n\t\t<\/div>\n\t\t\t\t\t<\/div>\n\t\t<\/section>\n\t\t\t\t<section class=\"elementor-section elementor-top-section elementor-element elementor-element-6e7ae7af elementor-section-boxed elementor-section-height-default elementor-section-height-default\" data-id=\"6e7ae7af\" data-element_type=\"section\">\n\t\t\t\t\t\t<div class=\"elementor-container elementor-column-gap-default\">\n\t\t\t\t\t<div class=\"elementor-column elementor-col-100 elementor-top-column elementor-element elementor-element-2e9481d4\" data-id=\"2e9481d4\" data-element_type=\"column\">\n\t\t\t<div class=\"elementor-widget-wrap elementor-element-populated\">\n\t\t\t\t\t\t<div class=\"elementor-element elementor-element-3e437d92 elementor-widget elementor-widget-heading\" data-id=\"3e437d92\" data-element_type=\"widget\" data-widget_type=\"heading.default\">\n\t\t\t\t<div class=\"elementor-widget-container\">\n\t\t\t<h2 class=\"elementor-heading-title elementor-size-default\">La Catedral g\u00f3tica m\u00e1s grande del mundo<\/h2>\t\t<\/div>\n\t\t\t\t<\/div>\n\t\t\t\t\t<\/div>\n\t\t<\/div>\n\t\t\t\t\t<\/div>\n\t\t<\/section>\n\t\t\t\t<section class=\"elementor-section elementor-top-section elementor-element elementor-element-ba16d2f elementor-section-boxed elementor-section-height-default elementor-section-height-default\" data-id=\"ba16d2f\" data-element_type=\"section\">\n\t\t\t\t\t\t<div class=\"elementor-container elementor-column-gap-default\">\n\t\t\t\t\t<div class=\"elementor-column elementor-col-100 elementor-top-column elementor-element elementor-element-36077fa5\" data-id=\"36077fa5\" data-element_type=\"column\">\n\t\t\t<div class=\"elementor-widget-wrap elementor-element-populated\">\n\t\t\t\t\t\t<div class=\"elementor-element elementor-element-458afb68 elementor-widget elementor-widget-text-editor\" data-id=\"458afb68\" data-element_type=\"widget\" data-widget_type=\"text-editor.default\">\n\t\t\t\t<div class=\"elementor-widget-container\">\n\t\t\t<style>\/*! elementor - v3.21.0 - 26-05-2024 *\/\n.elementor-widget-text-editor.elementor-drop-cap-view-stacked .elementor-drop-cap{background-color:#69727d;color:#fff}.elementor-widget-text-editor.elementor-drop-cap-view-framed .elementor-drop-cap{color:#69727d;border:3px solid;background-color:transparent}.elementor-widget-text-editor:not(.elementor-drop-cap-view-default) .elementor-drop-cap{margin-top:8px}.elementor-widget-text-editor:not(.elementor-drop-cap-view-default) .elementor-drop-cap-letter{width:1em;height:1em}.elementor-widget-text-editor .elementor-drop-cap{float:left;text-align:center;line-height:1;font-size:50px}.elementor-widget-text-editor .elementor-drop-cap-letter{display:inline-block}<\/style>\t\t\t\t<p>la Catedral de Sevilla es Patrimonio de la Humanidad por la UNESCO desde 1989. Est\u00e1 considerada como la mejor Catedral de Espa\u00f1a. pues se trata de la Catedral g\u00f3tica m\u00e1s grande del mundo, y la tercera m\u00e1s grande de todos los cristianos. Pasear por sus impresionantes naves, descubrir la tumba de Crist\u00f3bal Col\u00f3n, disfrutar con el olor a azahar del Patio de los Naranjos, subir a la Giralda y admirar una panor\u00e1mica de toda la ciudad bajo tus pies, son algunas de las actividades que todo visitante de Sevilla debe realizar.<\/p>\t\t\t\t\t\t<\/div>\n\t\t\t\t<\/div>\n\t\t\t\t\t<\/div>\n\t\t<\/div>\n\t\t\t\t\t<\/div>\n\t\t<\/section>\n\t\t\t\t<section class=\"elementor-section elementor-top-section elementor-element elementor-element-6b958d46 elementor-section-boxed elementor-section-height-default elementor-section-height-default\" data-id=\"6b958d46\" data-element_type=\"section\">\n\t\t\t\t\t\t<div class=\"elementor-container elementor-column-gap-default\">\n\t\t\t\t\t<div class=\"elementor-column elementor-col-50 elementor-top-column elementor-element elementor-element-5ee77c34\" data-id=\"5ee77c34\" data-element_type=\"column\">\n\t\t\t<div class=\"elementor-widget-wrap elementor-element-populated\">\n\t\t\t\t\t\t<div class=\"elementor-element elementor-element-2ac4b40d elementor-widget elementor-widget-image\" data-id=\"2ac4b40d\" data-element_type=\"widget\" data-widget_type=\"image.default\">\n\t\t\t\t<div class=\"elementor-widget-container\">\n\t\t\t\t\t\t\t\t\t\t\t\t\t<img fetchpriority=\"high\" decoding=\"async\" width=\"1280\" height=\"720\" src=\"https:\/\/www.touralcazarsevilla.com\/wp-content\/uploads\/2022\/03\/Catedral-y-Giralda-de-Sevilla.jpg\" class=\"attachment-full size-full wp-image-2540\" alt=\"Imagen de la Catedral y la Giralda de Sevilla\" srcset=\"https:\/\/www.touralcazarsevilla.com\/wp-content\/uploads\/2022\/03\/Catedral-y-Giralda-de-Sevilla.jpg 1280w, https:\/\/www.touralcazarsevilla.com\/wp-content\/uploads\/2022\/03\/Catedral-y-Giralda-de-Sevilla-300x169.jpg 300w, https:\/\/www.touralcazarsevilla.com\/wp-content\/uploads\/2022\/03\/Catedral-y-Giralda-de-Sevilla-1024x576.jpg 1024w, https:\/\/www.touralcazarsevilla.com\/wp-content\/uploads\/2022\/03\/Catedral-y-Giralda-de-Sevilla-768x432.jpg 768w\" sizes=\"(max-width: 1280px) 100vw, 1280px\" \/>\t\t\t\t\t\t\t\t\t\t\t\t\t<\/div>\n\t\t\t\t<\/div>\n\t\t\t\t\t<\/div>\n\t\t<\/div>\n\t\t\t\t<div class=\"elementor-column elementor-col-50 elementor-top-column elementor-element elementor-element-477fd2f4\" data-id=\"477fd2f4\" data-element_type=\"column\">\n\t\t\t<div class=\"elementor-widget-wrap elementor-element-populated\">\n\t\t\t\t\t\t<div class=\"elementor-element elementor-element-443e18a elementor-widget elementor-widget-heading\" data-id=\"443e18a\" data-element_type=\"widget\" data-widget_type=\"heading.default\">\n\t\t\t\t<div class=\"elementor-widget-container\">\n\t\t\t<h2 class=\"elementor-heading-title elementor-size-default\">Historia de la Catedral y Giralda<\/h2>\t\t<\/div>\n\t\t\t\t<\/div>\n\t\t\t\t<div class=\"elementor-element elementor-element-5e4e4651 elementor-widget elementor-widget-text-editor\" data-id=\"5e4e4651\" data-element_type=\"widget\" data-widget_type=\"text-editor.default\">\n\t\t\t\t<div class=\"elementor-widget-container\">\n\t\t\t\t\t\t\t<p><span style=\"font-style: inherit; font-weight: inherit; color: var( --e-global-color-text ); font-family: var( --e-global-typography-text-font-family ), Sans-serif;\">Fernando III el Santo conquist\u00f3 la ciudad para los cristianos el 23 de noviembre de 1248. Antes, el espacio que ahora ocupa la catedral albergaba una mezquita almohade del siglo XII construida por Abu Yacub Jusuf. La mezquita sigui\u00f3 siendo utilizada como catedral durante casi 160 a\u00f1os, hasta que el cabildo decidi\u00f3 en 1401 construir un nuevo edificio. Aunque no hubo consenso sobre la fecha de inicio de las obras, la construcci\u00f3n del edificio finaliz\u00f3 el 10 de octubre de 1506.\u00a0<\/span><\/p><p><span style=\"font-style: inherit; font-weight: inherit; color: var( --e-global-color-text ); font-family: var( --e-global-typography-text-font-family ), Sans-serif;\">El resultado es un edificio de estilo predominantemente g\u00f3tico, de planta rectangular con cinco naves y capillas, aprovechando al m\u00e1ximo el espacio entre los contrafuertes. \u00abHagamos una iglesia tan hermosa y tan grandiosa que los que la vieren labrada nos tengan por locos\u00bb, se dijo entonces.\u00a0<\/span><\/p>\t\t\t\t\t\t<\/div>\n\t\t\t\t<\/div>\n\t\t\t\t\t<\/div>\n\t\t<\/div>\n\t\t\t\t\t<\/div>\n\t\t<\/section>\n\t\t\t\t<section class=\"elementor-section elementor-top-section elementor-element elementor-element-de1fa48 elementor-section-boxed elementor-section-height-default elementor-section-height-default\" data-id=\"de1fa48\" data-element_type=\"section\">\n\t\t\t\t\t\t<div class=\"elementor-container elementor-column-gap-default\">\n\t\t\t\t\t<div class=\"elementor-column elementor-col-100 elementor-top-column elementor-element elementor-element-46872aa9\" data-id=\"46872aa9\" data-element_type=\"column\">\n\t\t\t<div class=\"elementor-widget-wrap elementor-element-populated\">\n\t\t\t\t\t\t<div class=\"elementor-element elementor-element-4122743c elementor-widget elementor-widget-heading\" data-id=\"4122743c\" data-element_type=\"widget\" data-widget_type=\"heading.default\">\n\t\t\t\t<div class=\"elementor-widget-container\">\n\t\t\t<h2 class=\"elementor-heading-title elementor-size-default\">Lugares de inter\u00e9s en la Catedral<\/h2>\t\t<\/div>\n\t\t\t\t<\/div>\n\t\t\t\t<div class=\"elementor-element elementor-element-5d9a63e elementor-widget elementor-widget-text-editor\" data-id=\"5d9a63e\" data-element_type=\"widget\" data-widget_type=\"text-editor.default\">\n\t\t\t\t<div class=\"elementor-widget-container\">\n\t\t\t\t\t\t\t<p><b>La Giralda de Sevilla<\/b><\/p><p>Se trata de una espectacular torre de unos 100 metros de altura.\u00a0 Es imposible estar de visita en Sevilla y no fotografiar este antiguo minarete. Su construcci\u00f3n se inspir\u00f3 en la Torre Koutoubia de Marrakech (Marruecos). Sus 82 metros originales se completaron con el cuerpo superior que vemos hoy, que es el \u00faltimo tercio de la torre. El cuerpo de la campana de la Giralda fue dise\u00f1ado por Hern\u00e1n Ruiz y coronado por \u00abla Giraldilla\u00bb. Esta estatua femenina, forjada en la Real Artiller\u00eda, representa el triunfo de la fe cristiana y fue instalada en 1568. Esta giraldilla era una veleta y una estaci\u00f3n meteorol\u00f3gica, y finalmente recibi\u00f3 el nombre de la torre. Aunque err\u00f3neamente llamaron a la figura \u201cEl Giraldillo\u201d.<\/p><p><b>Patio de los Naranjos<\/b><\/p><p>Otro gran legado de la mezquita que ocupa este espacio es este maravilloso patio. Un espacio \u00fanico, bonito y muy fotog\u00e9nico. Es famoso por su fuente central de m\u00e1rmol y, por supuesto, por las decenas de naranjos, los cuales dan nombre al patio.<\/p><p><b>Capilla Mayor y Retablo<\/b><\/p><p>Se encuentra en el centro del templo. En el interior de la Catedral de Sevilla, podemos observar su magn\u00edfico Retablo g\u00f3tico de 246 metros cuadrados.<\/p><p><b>Tumba de Crist\u00f3bal Col\u00f3n y Capilla Real<\/b><\/p><p>En la Catedral de Sevilla se encuentra la Tumba de Crist\u00f3bal Col\u00f3n. Se sit\u00faa en la Catedral de Sevilla debido a que era la ciudad m\u00e1s importante en cuanto a flujos de nav\u00edos entre occidente y Am\u00e9rica.\u00a0 El Guadalquivir y Sevilla fueron puerta de entrada de estos nav\u00edos durante much\u00edsimos a\u00f1os.<\/p><p>En la Catedral de Sevilla encontramos, adem\u00e1s, los sepulcros m\u00e1s nobles de la ciudad, como\u00a0 los cuerpos de Fernando III \u00abEl Santo\u00bb, su hijo \u00abAlfonso X El Sabio\u00bb, Pedro I \u00abEl Cruel\u00bb y Do\u00f1a Mar\u00eda Padilla, entre otros.<\/p><p>\u00a0<\/p>\t\t\t\t\t\t<\/div>\n\t\t\t\t<\/div>\n\t\t\t\t\t<\/div>\n\t\t<\/div>\n\t\t\t\t\t<\/div>\n\t\t<\/section>\n\t\t\t\t<section class=\"elementor-section elementor-top-section elementor-element elementor-element-3bffdd72 elementor-section-boxed elementor-section-height-default elementor-section-height-default\" data-id=\"3bffdd72\" data-element_type=\"section\">\n\t\t\t\t\t\t<div class=\"elementor-container elementor-column-gap-default\">\n\t\t\t\t\t<div class=\"elementor-column elementor-col-100 elementor-top-column elementor-element elementor-element-1b39b018\" data-id=\"1b39b018\" data-element_type=\"column\">\n\t\t\t<div class=\"elementor-widget-wrap elementor-element-populated\">\n\t\t\t\t\t\t<div class=\"elementor-element elementor-element-22ac5f89 elementor-widget elementor-widget-image\" data-id=\"22ac5f89\" data-element_type=\"widget\" data-widget_type=\"image.default\">\n\t\t\t\t<div class=\"elementor-widget-container\">\n\t\t\t\t\t\t\t\t\t\t\t\t\t<img decoding=\"async\" width=\"768\" height=\"513\" src=\"https:\/\/www.touralcazarsevilla.com\/wp-content\/uploads\/2022\/03\/Tumba-de-Cristobal-Colon-de-la-Catedral-de-Sevilla-1-768x513.jpg\" class=\"attachment-medium_large size-medium_large wp-image-2761\" alt=\"\" srcset=\"https:\/\/www.touralcazarsevilla.com\/wp-content\/uploads\/2022\/03\/Tumba-de-Cristobal-Colon-de-la-Catedral-de-Sevilla-1-768x513.jpg 768w, https:\/\/www.touralcazarsevilla.com\/wp-content\/uploads\/2022\/03\/Tumba-de-Cristobal-Colon-de-la-Catedral-de-Sevilla-1-300x200.jpg 300w, https:\/\/www.touralcazarsevilla.com\/wp-content\/uploads\/2022\/03\/Tumba-de-Cristobal-Colon-de-la-Catedral-de-Sevilla-1-18x12.jpg 18w, https:\/\/www.touralcazarsevilla.com\/wp-content\/uploads\/2022\/03\/Tumba-de-Cristobal-Colon-de-la-Catedral-de-Sevilla-1.jpg 950w\" sizes=\"(max-width: 768px) 100vw, 768px\" \/>\t\t\t\t\t\t\t\t\t\t\t\t\t<\/div>\n\t\t\t\t<\/div>\n\t\t\t\t\t<\/div>\n\t\t<\/div>\n\t\t\t\t\t<\/div>\n\t\t<\/section>\n\t\t\t\t<section class=\"elementor-section elementor-top-section elementor-element elementor-element-7c812fd2 elementor-section-boxed elementor-section-height-default elementor-section-height-default\" data-id=\"7c812fd2\" data-element_type=\"section\">\n\t\t\t\t\t\t<div class=\"elementor-container elementor-column-gap-default\">\n\t\t\t\t\t<div class=\"elementor-column elementor-col-50 elementor-top-column elementor-element elementor-element-2df6e1f5\" data-id=\"2df6e1f5\" data-element_type=\"column\">\n\t\t\t<div class=\"elementor-widget-wrap elementor-element-populated\">\n\t\t\t\t\t\t<div class=\"elementor-element elementor-element-b4ee9f3 elementor-widget elementor-widget-heading\" data-id=\"b4ee9f3\" data-element_type=\"widget\" data-widget_type=\"heading.default\">\n\t\t\t\t<div class=\"elementor-widget-container\">\n\t\t\t<h2 class=\"elementor-heading-title elementor-size-default\">Consejos Pr\u00e1cticos<\/h2>\t\t<\/div>\n\t\t\t\t<\/div>\n\t\t\t\t<div class=\"elementor-element elementor-element-6af4d3a8 elementor-widget elementor-widget-text-editor\" data-id=\"6af4d3a8\" data-element_type=\"widget\" data-widget_type=\"text-editor.default\">\n\t\t\t\t<div class=\"elementor-widget-container\">\n\t\t\t\t\t\t\t<p>La Catedral y la Giralda de Sevilla no puede dejar de conocerla en su visita a la ciudad de Sevilla. Para evitar pasar un mal rato ante el calor sofocante sevillano, asegurar su entrada y evitar la cola,<b>\u00a0<\/b> le recomendamos reservar el tour de la Catedral y Giralda con nosotros.\u00a0<\/p><p>Le aconsejamos llevar ropa c\u00f3moda (las camisetas de tirantas y los mini shorts est\u00e1n prohibidos), calzado c\u00f3modo (las chanclas est\u00e1n prohibidas), y muchas ganas de aprender y disfrutar de esta maravilla hist\u00f3rica, cultural y arquitect\u00f3nica.<\/p><p>El acceso y la visita est\u00e1 permitida para ni\u00f1os, as\u00ed como para personas discapacitadas que necesiten del uso de silla de ruedas, aunque por motivos de seguridad no se permitir\u00e1 subir a la Giralda a personas en silla de ruedas.<\/p>\t\t\t\t\t\t<\/div>\n\t\t\t\t<\/div>\n\t\t\t\t\t<\/div>\n\t\t<\/div>\n\t\t\t\t<div class=\"elementor-column elementor-col-50 elementor-top-column elementor-element elementor-element-6423f3c5\" data-id=\"6423f3c5\" data-element_type=\"column\">\n\t\t\t<div class=\"elementor-widget-wrap elementor-element-populated\">\n\t\t\t\t\t\t<div class=\"elementor-element elementor-element-24e2f5e elementor-widget elementor-widget-image\" data-id=\"24e2f5e\" data-element_type=\"widget\" data-widget_type=\"image.default\">\n\t\t\t\t<div class=\"elementor-widget-container\">\n\t\t\t\t\t\t\t\t\t\t\t\t\t<img decoding=\"async\" width=\"1400\" height=\"1046\" src=\"https:\/\/www.touralcazarsevilla.com\/wp-content\/uploads\/2022\/03\/Altar-Mayor-de-la-Catedral-de-Sevilla-1.jpg\" class=\"attachment-full size-full wp-image-2762\" alt=\"Imagen del Altar Mayor de la Catedral de Sevilla\" srcset=\"https:\/\/www.touralcazarsevilla.com\/wp-content\/uploads\/2022\/03\/Altar-Mayor-de-la-Catedral-de-Sevilla-1.jpg 1400w, https:\/\/www.touralcazarsevilla.com\/wp-content\/uploads\/2022\/03\/Altar-Mayor-de-la-Catedral-de-Sevilla-1-300x224.jpg 300w, https:\/\/www.touralcazarsevilla.com\/wp-content\/uploads\/2022\/03\/Altar-Mayor-de-la-Catedral-de-Sevilla-1-1024x765.jpg 1024w, https:\/\/www.touralcazarsevilla.com\/wp-content\/uploads\/2022\/03\/Altar-Mayor-de-la-Catedral-de-Sevilla-1-768x574.jpg 768w, https:\/\/www.touralcazarsevilla.com\/wp-content\/uploads\/2022\/03\/Altar-Mayor-de-la-Catedral-de-Sevilla-1-16x12.jpg 16w\" sizes=\"(max-width: 1400px) 100vw, 1400px\" \/>\t\t\t\t\t\t\t\t\t\t\t\t\t<\/div>\n\t\t\t\t<\/div>\n\t\t\t\t\t<\/div>\n\t\t<\/div>\n\t\t\t\t\t<\/div>\n\t\t<\/section>\n\t\t\t\t<\/div>","protected":false},"excerpt":{"rendered":"<p>Informaci\u00f3n de la Catedral y Giralda de Sevilla La Catedral g\u00f3tica m\u00e1s grande del mundo la Catedral de Sevilla es Patrimonio de la Humanidad por la UNESCO desde 1989. Est\u00e1 considerada como la mejor Catedral de Espa\u00f1a. pues se trata de la Catedral g\u00f3tica m\u00e1s grande del mundo, y la tercera m\u00e1s grande de todos [&hellip;]<\/p>","protected":false},"author":1,"featured_media":0,"parent":0,"menu_order":0,"comment_status":"closed","ping_status":"closed","template":"","meta":{"site-sidebar-layout":"no-sidebar","site-content-layout":"page-builder","ast-site-content-layout":"full-width-container","site-content-style":"unboxed","site-sidebar-style":"unboxed","ast-global-header-display":"","ast-banner-title-visibility":"","ast-main-header-display":"","ast-hfb-above-header-display":"","ast-hfb-below-header-display":"","ast-hfb-mobile-header-display":"","site-post-title":"disabled","ast-breadcrumbs-content":"","ast-featured-img":"disabled","footer-sml-layout":"","theme-transparent-header-meta":"","adv-header-id-meta":"","stick-header-meta":"","header-above-stick-meta":"","header-main-stick-meta":"","header-below-stick-meta":"","astra-migrate-meta-layouts":"set","ast-page-background-enabled":"default","ast-page-background-meta":{"desktop":{"background-color":"var(--ast-global-color-4)","background-image":"","background-repeat":"repeat","background-position":"center center","background-size":"auto","background-attachment":"scroll","background-type":"","background-media":"","overlay-type":"","overlay-color":"","overlay-opacity":"","overlay-gradient":""},"tablet":{"background-color":"","background-image":"","background-repeat":"repeat","background-position":"center center","background-size":"auto","background-attachment":"scroll","background-type":"","background-media":"","overlay-type":"","overlay-color":"","overlay-opacity":"","overlay-gradient":""},"mobile":{"background-color":"","background-image":"","background-repeat":"repeat","background-position":"center center","background-size":"auto","background-attachment":"scroll","background-type":"","background-media":"","overlay-type":"","overlay-color":"","overlay-opacity":"","overlay-gradient":""}},"ast-content-background-meta":{"desktop":{"background-color":"var(--ast-global-color-5)","background-image":"","background-repeat":"repeat","background-position":"center center","background-size":"auto","background-attachment":"scroll","background-type":"","background-media":"","overlay-type":"","overlay-color":"","overlay-opacity":"","overlay-gradient":""},"tablet":{"background-color":"var(--ast-global-color-5)","background-image":"","background-repeat":"repeat","background-position":"center center","background-size":"auto","background-attachment":"scroll","background-type":"","background-media":"","overlay-type":"","overlay-color":"","overlay-opacity":"","overlay-gradient":""},"mobile":{"background-color":"var(--ast-global-color-5)","background-image":"","background-repeat":"repeat","background-position":"center center","background-size":"auto","background-attachment":"scroll","background-type":"","background-media":"","overlay-type":"","overlay-color":"","overlay-opacity":"","overlay-gradient":""}},"footnotes":""},"yoast_head":"<!-- This site is optimized with the Yoast SEO plugin v21.3 - https:\/\/yoast.com\/wordpress\/plugins\/seo\/ -->\n<title>Tour Alc\u00e1zar Sevilla - Informaci\u00f3n Catedral y Giralda de Sevilla<\/title>\n<meta name=\"description\" content=\"Breve historia, an\u00e9cdotas, lugares de inter\u00e9s y consejos pr\u00e1cticos de la Catedral de Sevilla y la Giralda de Sevilla + 34 622 633 124\" \/>\n<meta name=\"robots\" content=\"index, follow, max-snippet:-1, max-image-preview:large, max-video-preview:-1\" \/>\n<link rel=\"canonical\" href=\"https:\/\/www.touralcazarsevilla.com\/fr\/informacion-catedral-y-giralda-de-sevilla\/\" \/>\n<meta property=\"og:locale\" content=\"fr_FR\" \/>\n<meta property=\"og:type\" content=\"article\" \/>\n<meta property=\"og:title\" content=\"Tour Alc\u00e1zar Sevilla - Informaci\u00f3n Catedral y Giralda de Sevilla\" \/>\n<meta property=\"og:description\" content=\"Breve historia, an\u00e9cdotas, lugares de inter\u00e9s y consejos pr\u00e1cticos de la Catedral de Sevilla y la Giralda de Sevilla + 34 622 633 124\" \/>\n<meta property=\"og:url\" content=\"https:\/\/www.touralcazarsevilla.com\/fr\/informacion-catedral-y-giralda-de-sevilla\/\" \/>\n<meta property=\"og:site_name\" content=\"Tour Alc\u00e1zar Sevilla\" \/>\n<meta property=\"article:modified_time\" content=\"2023-10-06T17:34:10+00:00\" \/>\n<meta property=\"og:image\" content=\"https:\/\/www.touralcazarsevilla.com\/wp-content\/uploads\/elementor\/thumbs\/Catedral-y-Giralda-de-Sevilla-1-plm3km0snbwxnfdm7rgnzsg2zh9yyxcnzx52xywg74.jpeg\" \/>\n<meta name=\"twitter:card\" content=\"summary_large_image\" \/>\n<meta name=\"twitter:label1\" content=\"Dur\u00e9e de lecture estim\u00e9e\" \/>\n\t<meta name=\"twitter:data1\" content=\"4 minutes\" \/>\n<script type=\"application\/ld+json\" class=\"yoast-schema-graph\">{\"@context\":\"https:\/\/schema.org\",\"@graph\":[{\"@type\":\"WebPage\",\"@id\":\"https:\/\/www.touralcazarsevilla.com\/informacion-catedral-y-giralda-de-sevilla\/\",\"url\":\"https:\/\/www.touralcazarsevilla.com\/informacion-catedral-y-giralda-de-sevilla\/\",\"name\":\"Tour Alc\u00e1zar Sevilla - Informaci\u00f3n Catedral y Giralda de Sevilla\",\"isPartOf\":{\"@id\":\"https:\/\/www.touralcazarsevilla.com\/#website\"},\"datePublished\":\"2022-02-25T10:51:54+00:00\",\"dateModified\":\"2023-10-06T17:34:10+00:00\",\"description\":\"Breve historia, an\u00e9cdotas, lugares de inter\u00e9s y consejos pr\u00e1cticos de la Catedral de Sevilla y la Giralda de Sevilla + 34 622 633 124\",\"breadcrumb\":{\"@id\":\"https:\/\/www.touralcazarsevilla.com\/informacion-catedral-y-giralda-de-sevilla\/#breadcrumb\"},\"inLanguage\":\"fr-FR\",\"potentialAction\":[{\"@type\":\"ReadAction\",\"target\":[\"https:\/\/www.touralcazarsevilla.com\/informacion-catedral-y-giralda-de-sevilla\/\"]}]},{\"@type\":\"BreadcrumbList\",\"@id\":\"https:\/\/www.touralcazarsevilla.com\/informacion-catedral-y-giralda-de-sevilla\/#breadcrumb\",\"itemListElement\":[{\"@type\":\"ListItem\",\"position\":1,\"name\":\"Inicio\",\"item\":\"https:\/\/www.touralcazarsevilla.com\/\"},{\"@type\":\"ListItem\",\"position\":2,\"name\":\"Informaci\u00f3n Catedral y Giralda de Sevilla\"}]},{\"@type\":\"WebSite\",\"@id\":\"https:\/\/www.touralcazarsevilla.com\/#website\",\"url\":\"https:\/\/www.touralcazarsevilla.com\/\",\"name\":\"Tour Alc\u00e1zar Sevilla\",\"description\":\"Tickets para el Real Alc\u00e1zar de Sevilla\",\"publisher\":{\"@id\":\"https:\/\/www.touralcazarsevilla.com\/#organization\"},\"potentialAction\":[{\"@type\":\"SearchAction\",\"target\":{\"@type\":\"EntryPoint\",\"urlTemplate\":\"https:\/\/www.touralcazarsevilla.com\/?s={search_term_string}\"},\"query-input\":\"required name=search_term_string\"}],\"inLanguage\":\"fr-FR\"},{\"@type\":\"Organization\",\"@id\":\"https:\/\/www.touralcazarsevilla.com\/#organization\",\"name\":\"Tour Alc\u00e1zar Sevilla\",\"url\":\"https:\/\/www.touralcazarsevilla.com\/\",\"logo\":{\"@type\":\"ImageObject\",\"inLanguage\":\"fr-FR\",\"@id\":\"https:\/\/www.touralcazarsevilla.com\/#\/schema\/logo\/image\/\",\"url\":\"https:\/\/www.touralcazarsevilla.com\/wp-content\/uploads\/2022\/03\/Logo-Tour-Alcazar-Sevilla.png\",\"contentUrl\":\"https:\/\/www.touralcazarsevilla.com\/wp-content\/uploads\/2022\/03\/Logo-Tour-Alcazar-Sevilla.png\",\"width\":3787,\"height\":1156,\"caption\":\"Tour Alc\u00e1zar Sevilla\"},\"image\":{\"@id\":\"https:\/\/www.touralcazarsevilla.com\/#\/schema\/logo\/image\/\"}}]}<\/script>\n<!-- \/ Yoast SEO plugin. -->","yoast_head_json":{"title":"Tour Alc\u00e1zar Sevilla - Informaci\u00f3n Catedral y Giralda de Sevilla","description":"Breve historia, an\u00e9cdotas, lugares de inter\u00e9s y consejos pr\u00e1cticos de la Catedral de Sevilla y la Giralda de Sevilla + 34 622 633 124","robots":{"index":"index","follow":"follow","max-snippet":"max-snippet:-1","max-image-preview":"max-image-preview:large","max-video-preview":"max-video-preview:-1"},"canonical":"https:\/\/www.touralcazarsevilla.com\/fr\/informacion-catedral-y-giralda-de-sevilla\/","og_locale":"fr_FR","og_type":"article","og_title":"Tour Alc\u00e1zar Sevilla - Informaci\u00f3n Catedral y Giralda de Sevilla","og_description":"Breve historia, an\u00e9cdotas, lugares de inter\u00e9s y consejos pr\u00e1cticos de la Catedral de Sevilla y la Giralda de Sevilla + 34 622 633 124","og_url":"https:\/\/www.touralcazarsevilla.com\/fr\/informacion-catedral-y-giralda-de-sevilla\/","og_site_name":"Tour Alc\u00e1zar Sevilla","article_modified_time":"2023-10-06T17:34:10+00:00","og_image":[{"url":"https:\/\/www.touralcazarsevilla.com\/wp-content\/uploads\/elementor\/thumbs\/Catedral-y-Giralda-de-Sevilla-1-plm3km0snbwxnfdm7rgnzsg2zh9yyxcnzx52xywg74.jpeg"}],"twitter_card":"summary_large_image","twitter_misc":{"Dur\u00e9e de lecture estim\u00e9e":"4 minutes"},"schema":{"@context":"https:\/\/schema.org","@graph":[{"@type":"WebPage","@id":"https:\/\/www.touralcazarsevilla.com\/informacion-catedral-y-giralda-de-sevilla\/","url":"https:\/\/www.touralcazarsevilla.com\/informacion-catedral-y-giralda-de-sevilla\/","name":"Tour Alc\u00e1zar Sevilla - Informaci\u00f3n Catedral y Giralda de Sevilla","isPartOf":{"@id":"https:\/\/www.touralcazarsevilla.com\/#website"},"datePublished":"2022-02-25T10:51:54+00:00","dateModified":"2023-10-06T17:34:10+00:00","description":"Breve historia, an\u00e9cdotas, lugares de inter\u00e9s y consejos pr\u00e1cticos de la Catedral de Sevilla y la Giralda de Sevilla + 34 622 633 124","breadcrumb":{"@id":"https:\/\/www.touralcazarsevilla.com\/informacion-catedral-y-giralda-de-sevilla\/#breadcrumb"},"inLanguage":"fr-FR","potentialAction":[{"@type":"ReadAction","target":["https:\/\/www.touralcazarsevilla.com\/informacion-catedral-y-giralda-de-sevilla\/"]}]},{"@type":"BreadcrumbList","@id":"https:\/\/www.touralcazarsevilla.com\/informacion-catedral-y-giralda-de-sevilla\/#breadcrumb","itemListElement":[{"@type":"ListItem","position":1,"name":"Inicio","item":"https:\/\/www.touralcazarsevilla.com\/"},{"@type":"ListItem","position":2,"name":"Informaci\u00f3n Catedral y Giralda de Sevilla"}]},{"@type":"WebSite","@id":"https:\/\/www.touralcazarsevilla.com\/#website","url":"https:\/\/www.touralcazarsevilla.com\/","name":"Tour Alc\u00e1zar Sevilla","description":"Tickets para el Real Alc\u00e1zar de Sevilla","publisher":{"@id":"https:\/\/www.touralcazarsevilla.com\/#organization"},"potentialAction":[{"@type":"SearchAction","target":{"@type":"EntryPoint","urlTemplate":"https:\/\/www.touralcazarsevilla.com\/?s={search_term_string}"},"query-input":"required name=search_term_string"}],"inLanguage":"fr-FR"},{"@type":"Organization","@id":"https:\/\/www.touralcazarsevilla.com\/#organization","name":"Tour Alc\u00e1zar Sevilla","url":"https:\/\/www.touralcazarsevilla.com\/","logo":{"@type":"ImageObject","inLanguage":"fr-FR","@id":"https:\/\/www.touralcazarsevilla.com\/#\/schema\/logo\/image\/","url":"https:\/\/www.touralcazarsevilla.com\/wp-content\/uploads\/2022\/03\/Logo-Tour-Alcazar-Sevilla.png","contentUrl":"https:\/\/www.touralcazarsevilla.com\/wp-content\/uploads\/2022\/03\/Logo-Tour-Alcazar-Sevilla.png","width":3787,"height":1156,"caption":"Tour Alc\u00e1zar Sevilla"},"image":{"@id":"https:\/\/www.touralcazarsevilla.com\/#\/schema\/logo\/image\/"}}]}},"_links":{"self":[{"href":"https:\/\/www.touralcazarsevilla.com\/fr\/wp-json\/wp\/v2\/pages\/323"}],"collection":[{"href":"https:\/\/www.touralcazarsevilla.com\/fr\/wp-json\/wp\/v2\/pages"}],"about":[{"href":"https:\/\/www.touralcazarsevilla.com\/fr\/wp-json\/wp\/v2\/types\/page"}],"author":[{"embeddable":true,"href":"https:\/\/www.touralcazarsevilla.com\/fr\/wp-json\/wp\/v2\/users\/1"}],"replies":[{"embeddable":true,"href":"https:\/\/www.touralcazarsevilla.com\/fr\/wp-json\/wp\/v2\/comments?post=323"}],"version-history":[{"count":0,"href":"https:\/\/www.touralcazarsevilla.com\/fr\/wp-json\/wp\/v2\/pages\/323\/revisions"}],"wp:attachment":[{"href":"https:\/\/www.touralcazarsevilla.com\/fr\/wp-json\/wp\/v2\/media?parent=323"}],"curies":[{"name":"wp","href":"https:\/\/api.w.org\/{rel}","templated":true}]}}